{"id":31373,"date":"2024-09-02T08:52:58","date_gmt":"2024-09-02T08:52:58","guid":{"rendered":"https:\/\/www.mallorcaleads.com\/?post_type=proveedores-mice&#038;p=31373"},"modified":"2024-10-02T14:55:05","modified_gmt":"2024-10-02T14:55:05","slug":"fosh-catering","status":"publish","type":"proveedores-mice","link":"https:\/\/www.mallorcaleads.com\/es\/proveedores-mice\/fosh-catering\/","title":{"rendered":"Fosh Catering"},"content":{"rendered":"\t\t<div data-elementor-type=\"wp-post\" data-elementor-id=\"31373\" class=\"elementor elementor-31373\" data-elementor-post-type=\"proveedores-mice\">\n\t\t\t\t\t\t<section class=\"elementor-section elementor-top-section elementor-element elementor-element-e9fa97b elementor-section-height-min-height elementor-section-full_width elementor-section-stretched elementor-section-content-middle elementor-section-height-default elementor-section-items-middle qodef-elementor-content-no\" data-id=\"e9fa97b\" data-element_type=\"section\" data-e-type=\"section\" data-settings=\"{&quot;background_background&quot;:&quot;classic&quot;,&quot;stretch_section&quot;:&quot;section-stretched&quot;}\">\n\t\t\t\t\t\t\t<div class=\"elementor-background-overlay\"><\/div>\n\t\t\t\t\t\t\t<div class=\"elementor-container elementor-column-gap-no\">\n\t\t\t\t\t<div class=\"elementor-column elementor-col-100 elementor-top-column elementor-element elementor-element-6c73258\" data-id=\"6c73258\" data-element_type=\"column\" data-e-type=\"column\" data-settings=\"{&quot;background_background&quot;:&quot;slideshow&quot;,&quot;background_slideshow_gallery&quot;:[],&quot;background_slideshow_loop&quot;:&quot;yes&quot;,&quot;background_slideshow_slide_duration&quot;:5000,&quot;background_slideshow_slide_transition&quot;:&quot;fade&quot;,&quot;background_slideshow_transition_duration&quot;:500}\">\n\t\t\t<div class=\"elementor-widget-wrap elementor-element-populated\">\n\t\t\t\t\t\t<div class=\"elementor-element elementor-element-b8a5027 elementor-widget elementor-widget-heading\" data-id=\"b8a5027\" data-element_type=\"widget\" data-e-type=\"widget\" data-widget_type=\"heading.default\">\n\t\t\t\t<div class=\"elementor-widget-container\">\n\t\t\t\t\t<div class=\"elementor-heading-title elementor-size-default\">catering<\/div>\t\t\t\t<\/div>\n\t\t\t\t<\/div>\n\t\t\t\t<div class=\"elementor-element elementor-element-9c575c9 elementor-widget elementor-widget-heading\" data-id=\"9c575c9\" data-element_type=\"widget\" data-e-type=\"widget\" data-widget_type=\"heading.default\">\n\t\t\t\t<div class=\"elementor-widget-container\">\n\t\t\t\t\t<h1 class=\"elementor-heading-title elementor-size-default\">fosh catering<\/h1>\t\t\t\t<\/div>\n\t\t\t\t<\/div>\n\t\t\t\t\t<\/div>\n\t\t<\/div>\n\t\t\t\t\t<\/div>\n\t\t<\/section>\n\t\t\t\t<section class=\"elementor-section elementor-top-section elementor-element elementor-element-c3cb308 elementor-section-boxed elementor-section-height-default elementor-section-height-default qodef-elementor-content-no\" data-id=\"c3cb308\" data-element_type=\"section\" data-e-type=\"section\">\n\t\t\t\t\t\t<div class=\"elementor-container elementor-column-gap-default\">\n\t\t\t\t\t<div class=\"elementor-column elementor-col-50 elementor-top-column elementor-element elementor-element-abc05b2\" data-id=\"abc05b2\" data-element_type=\"column\" data-e-type=\"column\">\n\t\t\t<div class=\"elementor-widget-wrap elementor-element-populated\">\n\t\t\t\t\t\t<div class=\"elementor-element elementor-element-76f0503 elementor-widget elementor-widget-text-editor\" data-id=\"76f0503\" data-element_type=\"widget\" data-e-type=\"widget\" data-widget_type=\"text-editor.default\">\n\t\t\t\t<div class=\"elementor-widget-container\">\n\t\t\t\t\t\t\t\t\t<p>Con m\u00e1s de 20 a\u00f1os de experiencia, Fosh Catering &amp; Eventos se ha consolidado como un referente en la organizaci\u00f3n de eventos en Mallorca e Ibiza, ofreciendo una gastronom\u00eda mediterr\u00e1nea de vanguardia elaborada con materias primas de alta calidad por un equipo de m\u00e1s de 150 profesionales.<\/p><p>\u00a0Atendemos eventos desde 15 hasta 3000 invitados, destacando por nuestro servicio orientado al detalle y nuestra capacidad para trabajar en una amplia gama de espacios, con men\u00fas originales que garantizan un evento excepcional.\u00a0<\/p><p>Liderados por el chef Kevin Becker, el maitre Fabrizio Giunta y el chef Marc Fosh, galardonado con una estrella Michelin, nos distinguimos por nuestra excelencia y calidad, brindando un asesoramiento personalizado que hace que cada evento sea \u00fanico.\u00a0<\/p><p>Adem\u00e1s, estamos comprometidos con la sostenibilidad, utilizando productos locales y de temporada, practicando una gesti\u00f3n responsable que minimiza el impacto ambiental, y promoviendo el consumo responsable y el uso de materiales reciclados en nuestras oficinas y eventos.\u00a0<\/p><p>Nuestra cercan\u00eda, honestidad y autenticidad son el reflejo de nuestra obsesi\u00f3n por hacer que cada evento sea perfecto.<\/p>\t\t\t\t\t\t\t\t<\/div>\n\t\t\t\t<\/div>\n\t\t\t\t\t<\/div>\n\t\t<\/div>\n\t\t\t\t<div class=\"elementor-column elementor-col-50 elementor-top-column elementor-element elementor-element-0934f9a\" data-id=\"0934f9a\" data-element_type=\"column\" data-e-type=\"column\" data-settings=\"{&quot;background_background&quot;:&quot;classic&quot;}\">\n\t\t\t<div class=\"elementor-widget-wrap elementor-element-populated\">\n\t\t\t\t\t\t<div class=\"elementor-element elementor-element-a36707b elementor-widget elementor-widget-heading\" data-id=\"a36707b\" data-element_type=\"widget\" data-e-type=\"widget\" data-widget_type=\"heading.default\">\n\t\t\t\t<div class=\"elementor-widget-container\">\n\t\t\t\t\t<div class=\"elementor-heading-title elementor-size-default\">Localizaci\u00f3n y contacto<\/div>\t\t\t\t<\/div>\n\t\t\t\t<\/div>\n\t\t\t\t<div class=\"elementor-element elementor-element-fa3007e elementor-align-start elementor-icon-list--layout-traditional elementor-list-item-link-full_width elementor-widget elementor-widget-icon-list\" data-id=\"fa3007e\" data-element_type=\"widget\" data-e-type=\"widget\" data-widget_type=\"icon-list.default\">\n\t\t\t\t<div class=\"elementor-widget-container\">\n\t\t\t\t\t\t\t<ul class=\"elementor-icon-list-items\">\n\t\t\t\t\t\t\t<li class=\"elementor-icon-list-item\">\n\t\t\t\t\t\t\t\t\t\t\t<span class=\"elementor-icon-list-icon\">\n\t\t\t\t\t\t\t<i aria-hidden=\"true\" class=\"fas fa-map-marker-alt\"><\/i>\t\t\t\t\t\t<\/span>\n\t\t\t\t\t\t\t\t\t\t<span class=\"elementor-icon-list-text\">C\/ d'Asival, 7, Ponent, <br>07011 Palma, Illes Balears<\/span>\n\t\t\t\t\t\t\t\t\t<\/li>\n\t\t\t\t\t\t\t\t<li class=\"elementor-icon-list-item\">\n\t\t\t\t\t\t\t\t\t\t\t<a href=\"tel:+34871116294\">\n\n\t\t\t\t\t\t\t\t\t\t\t\t<span class=\"elementor-icon-list-icon\">\n\t\t\t\t\t\t\t<i aria-hidden=\"true\" class=\"fas fa-phone-alt\"><\/i>\t\t\t\t\t\t<\/span>\n\t\t\t\t\t\t\t\t\t\t<span class=\"elementor-icon-list-text\"> +34 871 11 62 94<\/span>\n\t\t\t\t\t\t\t\t\t\t\t<\/a>\n\t\t\t\t\t\t\t\t\t<\/li>\n\t\t\t\t\t\t\t\t<li class=\"elementor-icon-list-item\">\n\t\t\t\t\t\t\t\t\t\t\t<a href=\"mailto:hello@mallorcaleads.com?subject=Fosh%20Catering\">\n\n\t\t\t\t\t\t\t\t\t\t\t\t<span class=\"elementor-icon-list-icon\">\n\t\t\t\t\t\t\t<i aria-hidden=\"true\" class=\"fas fa-envelope\"><\/i>\t\t\t\t\t\t<\/span>\n\t\t\t\t\t\t\t\t\t\t<span class=\"elementor-icon-list-text\">Contacto<\/span>\n\t\t\t\t\t\t\t\t\t\t\t<\/a>\n\t\t\t\t\t\t\t\t\t<\/li>\n\t\t\t\t\t\t\t\t<li class=\"elementor-icon-list-item\">\n\t\t\t\t\t\t\t\t\t\t\t<a href=\"https:\/\/www.fosh.es\/\" target=\"_blank\">\n\n\t\t\t\t\t\t\t\t\t\t\t\t<span class=\"elementor-icon-list-icon\">\n\t\t\t\t\t\t\t<i aria-hidden=\"true\" class=\"fas fa-globe-europe\"><\/i>\t\t\t\t\t\t<\/span>\n\t\t\t\t\t\t\t\t\t\t<span class=\"elementor-icon-list-text\">Web<\/span>\n\t\t\t\t\t\t\t\t\t\t\t<\/a>\n\t\t\t\t\t\t\t\t\t<\/li>\n\t\t\t\t\t\t<\/ul>\n\t\t\t\t\t\t<\/div>\n\t\t\t\t<\/div>\n\t\t\t\t<div class=\"elementor-element elementor-element-271424e elementor-align-center botonnegro elementor-widget elementor-widget-button\" data-id=\"271424e\" data-element_type=\"widget\" data-e-type=\"widget\" data-widget_type=\"button.default\">\n\t\t\t\t<div class=\"elementor-widget-container\">\n\t\t\t\t\t\t\t\t\t<div class=\"elementor-button-wrapper\">\n\t\t\t\t\t<a class=\"elementor-button elementor-button-link elementor-size-sm\" href=\"https:\/\/www.mallorcaleads.com\/contacto\/\">\n\t\t\t\t\t\t<span class=\"elementor-button-content-wrapper\">\n\t\t\t\t\t\t<span class=\"elementor-button-icon\">\n\t\t\t\t<svg xmlns=\"http:\/\/www.w3.org\/2000\/svg\" xmlns:xlink=\"http:\/\/www.w3.org\/1999\/xlink\" id=\"Capa_1\" x=\"0px\" y=\"0px\" viewBox=\"0 0 407.4 340.3\" style=\"enable-background:new 0 0 407.4 340.3;\" xml:space=\"preserve\"><style type=\"text\/css\">\t.st0{fill:#020304;}<\/style><path class=\"st0\" d=\"M386.4,138.3c-6.9,0-13.1,3.5-16.9,8.8l-51.7-19.6c0.1-0.6,0.1-1.3,0.1-1.9c0-9.9-7.1-18.3-16.4-20.4l-4.4-64.9  c7.7-3.1,13.2-10.7,13.2-19.4c0-11.4-9.5-20.9-20.9-20.9s-20.9,9.5-20.9,20.9c0,2.3,0.4,4.5,1.1,6.6L35,181.9  c-3.7-3.4-8.7-5.5-14-5.5C9.5,176.4,0,185.9,0,197.3s9.5,20.9,20.9,20.9c8.3,0,15.6-5,18.9-12.1l78,8.1c1.6,7.6,7.4,13.8,14.8,15.9  v32.1c-8.7,2.4-15.2,10.2-15.2,20.2c0,11.4,9.5,20.9,20.9,20.9c7.3,0,13.7-3.9,17.5-9.6l77.7,23.1c0.1,11.3,9.6,20.8,20.9,20.8  c11.4,0,20.9-9.5,20.9-20.9c0-4.2-1.3-8.1-3.5-11.4l106.7-126.5c2.4,1,5.1,1.6,7.8,1.6c11.4,0,20.9-9.5,20.9-20.9  C407.4,147.8,397.8,138.3,386.4,138.3z M41.1,191.9l235-154.8c2.5,2.1,5.5,3.6,8.8,4.3l4.6,64.7c-7.8,3-13.5,10.7-13.5,19.5  c0,11.4,9.5,20.9,20.9,20.9c6.7,0,12.7-3.2,16.5-8.2l52.1,19.4c0,0.5-0.1,1-0.1,1.5c0,4.1,1.3,8,3.4,11.3L262.3,297.3  c-2.4-1-5.1-1.6-7.9-1.6c-7.6,0-14.2,3.8-17.9,9.4l-77.3-22.9c-0.1-9.2-6.2-17.1-14.6-19.8v-32.5c8.4-2.7,14.6-10.7,14.6-19.9  c0-11.4-9.5-20.9-20.9-20.9c-8.6,0-16.1,5-19.3,12.6l-77.5-7.9C41.4,193.2,41.3,192.6,41.1,191.9z\"><\/path><\/svg>\t\t\t<\/span>\n\t\t\t\t\t\t\t\t\t<span class=\"elementor-button-text\">\u00bfte ayudamos con tu petici\u00f3n?<\/span>\n\t\t\t\t\t<\/span>\n\t\t\t\t\t<\/a>\n\t\t\t\t<\/div>\n\t\t\t\t\t\t\t\t<\/div>\n\t\t\t\t<\/div>\n\t\t\t\t\t<\/div>\n\t\t<\/div>\n\t\t\t\t\t<\/div>\n\t\t<\/section>\n\t\t\t\t<section class=\"elementor-section elementor-top-section elementor-element elementor-element-9aabc4a elementor-section-full_width elementor-section-height-default elementor-section-height-default qodef-elementor-content-no\" data-id=\"9aabc4a\" data-element_type=\"section\" data-e-type=\"section\">\n\t\t\t\t\t\t<div class=\"elementor-container elementor-column-gap-no\">\n\t\t\t\t\t<div class=\"elementor-column elementor-col-100 elementor-top-column elementor-element elementor-element-1ce2644\" data-id=\"1ce2644\" data-element_type=\"column\" data-e-type=\"column\">\n\t\t\t<div class=\"elementor-widget-wrap elementor-element-populated\">\n\t\t\t\t\t\t<div class=\"elementor-element elementor-element-519335a elementor-arrows-position-inside elementor-pagination-position-outside elementor-widget elementor-widget-image-carousel\" data-id=\"519335a\" data-element_type=\"widget\" data-e-type=\"widget\" data-settings=\"{&quot;navigation&quot;:&quot;both&quot;,&quot;autoplay&quot;:&quot;yes&quot;,&quot;pause_on_hover&quot;:&quot;yes&quot;,&quot;pause_on_interaction&quot;:&quot;yes&quot;,&quot;autoplay_speed&quot;:5000,&quot;infinite&quot;:&quot;yes&quot;,&quot;speed&quot;:500}\" data-widget_type=\"image-carousel.default\">\n\t\t\t\t<div class=\"elementor-widget-container\">\n\t\t\t\t\t\t\t<div class=\"elementor-image-carousel-wrapper swiper\" role=\"region\" aria-roledescription=\"carousel\" aria-label=\"Carrusel de im\u00e1genes\" dir=\"ltr\">\n\t\t\t<div class=\"elementor-image-carousel swiper-wrapper\" aria-live=\"off\">\n\t\t\t\t\t\t\t\t<div class=\"swiper-slide\" role=\"group\" aria-roledescription=\"slide\" aria-label=\"1 de 10\"><a data-elementor-open-lightbox=\"yes\" data-elementor-lightbox-slideshow=\"519335a\" data-elementor-lightbox-title=\"Fosh Catering men\u00fa fingerfood\" data-e-action-hash=\"#elementor-action%3Aaction%3Dlightbox%26settings%3DeyJpZCI6MzE0MTQsInVybCI6Imh0dHBzOlwvXC93d3cubWFsbG9yY2FsZWFkcy5jb21cL3dwLWNvbnRlbnRcL3VwbG9hZHNcLzIwMjRcLzA4XC9Gb3NoLUNhdGVyaW5nLW1lbnUtZmluZ2VyZm9vZC5qcGciLCJzbGlkZXNob3ciOiI1MTkzMzVhIn0%3D\" href=\"https:\/\/www.mallorcaleads.com\/wp-content\/uploads\/2024\/08\/Fosh-Catering-menu-fingerfood.jpg\"><figure class=\"swiper-slide-inner\"><img decoding=\"async\" class=\"swiper-slide-image\" src=\"https:\/\/www.mallorcaleads.com\/wp-content\/uploads\/2024\/08\/Fosh-Catering-menu-fingerfood-650x650.jpg\" alt=\"Fosh Catering men\u00fa fingerfood\" \/><\/figure><\/a><\/div><div class=\"swiper-slide\" role=\"group\" aria-roledescription=\"slide\" aria-label=\"2 de 10\"><a data-elementor-open-lightbox=\"yes\" data-elementor-lightbox-slideshow=\"519335a\" data-elementor-lightbox-title=\"Fosh Catering menu entre vi\u00f1edos son llompart\" data-e-action-hash=\"#elementor-action%3Aaction%3Dlightbox%26settings%3DeyJpZCI6MzE0MTIsInVybCI6Imh0dHBzOlwvXC93d3cubWFsbG9yY2FsZWFkcy5jb21cL3dwLWNvbnRlbnRcL3VwbG9hZHNcLzIwMjRcLzA4XC9Gb3NoLUNhdGVyaW5nLW1lbnUtZW50cmUtdmluZWRvcy1zb24tbGxvbXBhcnQuanBnIiwic2xpZGVzaG93IjoiNTE5MzM1YSJ9\" href=\"https:\/\/www.mallorcaleads.com\/wp-content\/uploads\/2024\/08\/Fosh-Catering-menu-entre-vinedos-son-llompart.jpg\"><figure class=\"swiper-slide-inner\"><img decoding=\"async\" class=\"swiper-slide-image\" src=\"https:\/\/www.mallorcaleads.com\/wp-content\/uploads\/2024\/08\/Fosh-Catering-menu-entre-vinedos-son-llompart-650x650.jpg\" alt=\"Fosh Catering menu entre vi\u00f1edos son llompart\" \/><\/figure><\/a><\/div><div class=\"swiper-slide\" role=\"group\" aria-roledescription=\"slide\" aria-label=\"3 de 10\"><a data-elementor-open-lightbox=\"yes\" data-elementor-lightbox-slideshow=\"519335a\" data-elementor-lightbox-title=\"Fosh Catering mallorcan experience\" data-e-action-hash=\"#elementor-action%3Aaction%3Dlightbox%26settings%3DeyJpZCI6MzE0MTAsInVybCI6Imh0dHBzOlwvXC93d3cubWFsbG9yY2FsZWFkcy5jb21cL3dwLWNvbnRlbnRcL3VwbG9hZHNcLzIwMjRcLzA4XC9Gb3NoLUNhdGVyaW5nLW1hbGxvcmNhbi1leHBlcmllbmNlLmpwZyIsInNsaWRlc2hvdyI6IjUxOTMzNWEifQ%3D%3D\" href=\"https:\/\/www.mallorcaleads.com\/wp-content\/uploads\/2024\/08\/Fosh-Catering-mallorcan-experience.jpg\"><figure class=\"swiper-slide-inner\"><img decoding=\"async\" class=\"swiper-slide-image\" src=\"https:\/\/www.mallorcaleads.com\/wp-content\/uploads\/2024\/08\/Fosh-Catering-mallorcan-experience-650x650.jpg\" alt=\"Fosh Catering mallorcan experience\" \/><\/figure><\/a><\/div><div class=\"swiper-slide\" role=\"group\" aria-roledescription=\"slide\" aria-label=\"4 de 10\"><a data-elementor-open-lightbox=\"yes\" data-elementor-lightbox-slideshow=\"519335a\" data-elementor-lightbox-title=\"Fosh Catering equipo fosh experiencia michellin\" data-e-action-hash=\"#elementor-action%3Aaction%3Dlightbox%26settings%3DeyJpZCI6MzE0MDgsInVybCI6Imh0dHBzOlwvXC93d3cubWFsbG9yY2FsZWFkcy5jb21cL3dwLWNvbnRlbnRcL3VwbG9hZHNcLzIwMjRcLzA4XC9Gb3NoLUNhdGVyaW5nLWVxdWlwby1mb3NoLWV4cGVyaWVuY2lhLW1pY2hlbGxpbi5qcGciLCJzbGlkZXNob3ciOiI1MTkzMzVhIn0%3D\" href=\"https:\/\/www.mallorcaleads.com\/wp-content\/uploads\/2024\/08\/Fosh-Catering-equipo-fosh-experiencia-michellin.jpg\"><figure class=\"swiper-slide-inner\"><img decoding=\"async\" class=\"swiper-slide-image\" src=\"https:\/\/www.mallorcaleads.com\/wp-content\/uploads\/2024\/08\/Fosh-Catering-equipo-fosh-experiencia-michellin-650x650.jpg\" alt=\"Fosh Catering equipo fosh experiencia michellin\" \/><\/figure><\/a><\/div><div class=\"swiper-slide\" role=\"group\" aria-roledescription=\"slide\" aria-label=\"5 de 10\"><a data-elementor-open-lightbox=\"yes\" data-elementor-lightbox-slideshow=\"519335a\" data-elementor-lightbox-title=\"Fosh Catering c\u00f3cteles de autor\" data-e-action-hash=\"#elementor-action%3Aaction%3Dlightbox%26settings%3DeyJpZCI6MzE0MDYsInVybCI6Imh0dHBzOlwvXC93d3cubWFsbG9yY2FsZWFkcy5jb21cL3dwLWNvbnRlbnRcL3VwbG9hZHNcLzIwMjRcLzA4XC9Gb3NoLUNhdGVyaW5nLWNvY3RlbGVzLWRlLWF1dG9yLmpwZyIsInNsaWRlc2hvdyI6IjUxOTMzNWEifQ%3D%3D\" href=\"https:\/\/www.mallorcaleads.com\/wp-content\/uploads\/2024\/08\/Fosh-Catering-cocteles-de-autor.jpg\"><figure class=\"swiper-slide-inner\"><img decoding=\"async\" class=\"swiper-slide-image\" src=\"https:\/\/www.mallorcaleads.com\/wp-content\/uploads\/2024\/08\/Fosh-Catering-cocteles-de-autor-650x650.jpg\" alt=\"Fosh Catering c\u00f3cteles de autor\" \/><\/figure><\/a><\/div><div class=\"swiper-slide\" role=\"group\" aria-roledescription=\"slide\" aria-label=\"6 de 10\"><a data-elementor-open-lightbox=\"yes\" data-elementor-lightbox-slideshow=\"519335a\" data-elementor-lightbox-title=\"Fosh Catering cena de gala\" data-e-action-hash=\"#elementor-action%3Aaction%3Dlightbox%26settings%3DeyJpZCI6MzE0MDQsInVybCI6Imh0dHBzOlwvXC93d3cubWFsbG9yY2FsZWFkcy5jb21cL3dwLWNvbnRlbnRcL3VwbG9hZHNcLzIwMjRcLzA4XC9Gb3NoLUNhdGVyaW5nLWNlbmEtZGUtZ2FsYS5qcGciLCJzbGlkZXNob3ciOiI1MTkzMzVhIn0%3D\" href=\"https:\/\/www.mallorcaleads.com\/wp-content\/uploads\/2024\/08\/Fosh-Catering-cena-de-gala.jpg\"><figure class=\"swiper-slide-inner\"><img decoding=\"async\" class=\"swiper-slide-image\" src=\"https:\/\/www.mallorcaleads.com\/wp-content\/uploads\/2024\/08\/Fosh-Catering-cena-de-gala-650x650.jpg\" alt=\"Fosh Catering cena de gala\" \/><\/figure><\/a><\/div><div class=\"swiper-slide\" role=\"group\" aria-roledescription=\"slide\" aria-label=\"7 de 10\"><a data-elementor-open-lightbox=\"yes\" data-elementor-lightbox-slideshow=\"519335a\" data-elementor-lightbox-title=\"Fosh Catering cena de gala son sampol\" data-e-action-hash=\"#elementor-action%3Aaction%3Dlightbox%26settings%3DeyJpZCI6MzE0MDIsInVybCI6Imh0dHBzOlwvXC93d3cubWFsbG9yY2FsZWFkcy5jb21cL3dwLWNvbnRlbnRcL3VwbG9hZHNcLzIwMjRcLzA4XC9Gb3NoLUNhdGVyaW5nLWNlbmEtZGUtZ2FsYS1zb24tc2FtcG9sLmpwZyIsInNsaWRlc2hvdyI6IjUxOTMzNWEifQ%3D%3D\" href=\"https:\/\/www.mallorcaleads.com\/wp-content\/uploads\/2024\/08\/Fosh-Catering-cena-de-gala-son-sampol.jpg\"><figure class=\"swiper-slide-inner\"><img decoding=\"async\" class=\"swiper-slide-image\" src=\"https:\/\/www.mallorcaleads.com\/wp-content\/uploads\/2024\/08\/Fosh-Catering-cena-de-gala-son-sampol-650x650.jpg\" alt=\"Fosh Catering cena de gala son sampol\" \/><\/figure><\/a><\/div><div class=\"swiper-slide\" role=\"group\" aria-roledescription=\"slide\" aria-label=\"8 de 10\"><a data-elementor-open-lightbox=\"yes\" data-elementor-lightbox-slideshow=\"519335a\" data-elementor-lightbox-title=\"Fosh Catering cena de gala es calderers\" data-e-action-hash=\"#elementor-action%3Aaction%3Dlightbox%26settings%3DeyJpZCI6MzE0MDAsInVybCI6Imh0dHBzOlwvXC93d3cubWFsbG9yY2FsZWFkcy5jb21cL3dwLWNvbnRlbnRcL3VwbG9hZHNcLzIwMjRcLzA4XC9Gb3NoLUNhdGVyaW5nLWNlbmEtZGUtZ2FsYS1lcy1jYWxkZXJlcnMuanBnIiwic2xpZGVzaG93IjoiNTE5MzM1YSJ9\" href=\"https:\/\/www.mallorcaleads.com\/wp-content\/uploads\/2024\/08\/Fosh-Catering-cena-de-gala-es-calderers.jpg\"><figure class=\"swiper-slide-inner\"><img decoding=\"async\" class=\"swiper-slide-image\" src=\"https:\/\/www.mallorcaleads.com\/wp-content\/uploads\/2024\/08\/Fosh-Catering-cena-de-gala-es-calderers-650x650.jpg\" alt=\"Fosh Catering cena de gala es calderers\" \/><\/figure><\/a><\/div><div class=\"swiper-slide\" role=\"group\" aria-roledescription=\"slide\" aria-label=\"9 de 10\"><a data-elementor-open-lightbox=\"yes\" data-elementor-lightbox-slideshow=\"519335a\" data-elementor-lightbox-title=\"Fosh Catering buffet bowl\" data-e-action-hash=\"#elementor-action%3Aaction%3Dlightbox%26settings%3DeyJpZCI6MzEzOTgsInVybCI6Imh0dHBzOlwvXC93d3cubWFsbG9yY2FsZWFkcy5jb21cL3dwLWNvbnRlbnRcL3VwbG9hZHNcLzIwMjRcLzA4XC9Gb3NoLUNhdGVyaW5nLWJ1ZmZldC1ib3dsLmpwZyIsInNsaWRlc2hvdyI6IjUxOTMzNWEifQ%3D%3D\" href=\"https:\/\/www.mallorcaleads.com\/wp-content\/uploads\/2024\/08\/Fosh-Catering-buffet-bowl.jpg\"><figure class=\"swiper-slide-inner\"><img decoding=\"async\" class=\"swiper-slide-image\" src=\"https:\/\/www.mallorcaleads.com\/wp-content\/uploads\/2024\/08\/Fosh-Catering-buffet-bowl-650x650.jpg\" alt=\"Fosh Catering buffet bowl\" \/><\/figure><\/a><\/div><div class=\"swiper-slide\" role=\"group\" aria-roledescription=\"slide\" aria-label=\"10 de 10\"><a data-elementor-open-lightbox=\"yes\" data-elementor-lightbox-slideshow=\"519335a\" data-elementor-lightbox-title=\"Fosh Catering aperitivo\" data-e-action-hash=\"#elementor-action%3Aaction%3Dlightbox%26settings%3DeyJpZCI6MzEzOTYsInVybCI6Imh0dHBzOlwvXC93d3cubWFsbG9yY2FsZWFkcy5jb21cL3dwLWNvbnRlbnRcL3VwbG9hZHNcLzIwMjRcLzA4XC9Gb3NoLUNhdGVyaW5nLWFwZXJpdGl2by5qcGVnIiwic2xpZGVzaG93IjoiNTE5MzM1YSJ9\" href=\"https:\/\/www.mallorcaleads.com\/wp-content\/uploads\/2024\/08\/Fosh-Catering-aperitivo.jpeg\"><figure class=\"swiper-slide-inner\"><img decoding=\"async\" class=\"swiper-slide-image\" src=\"https:\/\/www.mallorcaleads.com\/wp-content\/uploads\/2024\/08\/Fosh-Catering-aperitivo-650x650.jpeg\" alt=\"Fosh Catering aperitivo\" \/><\/figure><\/a><\/div>\t\t\t<\/div>\n\t\t\t\t\t\t\t\t\t\t\t\t<div class=\"elementor-swiper-button elementor-swiper-button-prev\" role=\"button\" tabindex=\"0\">\n\t\t\t\t\t\t<i aria-hidden=\"true\" class=\"eicon-chevron-left\"><\/i>\t\t\t\t\t<\/div>\n\t\t\t\t\t<div class=\"elementor-swiper-button elementor-swiper-button-next\" role=\"button\" tabindex=\"0\">\n\t\t\t\t\t\t<i aria-hidden=\"true\" class=\"eicon-chevron-right\"><\/i>\t\t\t\t\t<\/div>\n\t\t\t\t\n\t\t\t\t\t\t\t\t\t<div class=\"swiper-pagination\"><\/div>\n\t\t\t\t\t\t\t\t\t<\/div>\n\t\t\t\t\t\t<\/div>\n\t\t\t\t<\/div>\n\t\t\t\t\t<\/div>\n\t\t<\/div>\n\t\t\t\t\t<\/div>\n\t\t<\/section>\n\t\t\t\t<\/div>\n\t\t","protected":false},"featured_media":31402,"template":"page-ML.php","categorias":[112],"class_list":["post-31373","proveedores-mice","type-proveedores-mice","status-publish","has-post-thumbnail","hentry","categorias-catering"],"acf":[],"yoast_head":"<!-- This site is optimized with the Yoast SEO plugin v27.2 - https:\/\/yoast.com\/product\/yoast-seo-wordpress\/ -->\n<title>Fosh Catering - MallorcaLeads<\/title>\n<meta name=\"description\" content=\"Organizaci\u00f3n de eventos en Mallorca. \u00a1Los mejores espacios y proveedores MICE a tu alcance!\" \/>\n<meta name=\"robots\" content=\"index, follow, max-snippet:-1, max-image-preview:large, max-video-preview:-1\" \/>\n<link rel=\"canonical\" href=\"https:\/\/www.mallorcaleads.com\/es\/proveedores-mice\/fosh-catering\/\" \/>\n<meta property=\"og:locale\" content=\"es_ES\" \/>\n<meta property=\"og:type\" content=\"article\" \/>\n<meta property=\"og:title\" content=\"Fosh Catering - MallorcaLeads\" \/>\n<meta property=\"og:description\" content=\"Organizaci\u00f3n de eventos en Mallorca. \u00a1Los mejores espacios y proveedores MICE a tu alcance!\" \/>\n<meta property=\"og:url\" content=\"https:\/\/www.mallorcaleads.com\/es\/proveedores-mice\/fosh-catering\/\" \/>\n<meta property=\"og:site_name\" content=\"MallorcaLeads\" \/>\n<meta property=\"article:publisher\" content=\"https:\/\/www.facebook.com\/mallorcaleads\/\" \/>\n<meta property=\"article:modified_time\" content=\"2024-10-02T14:55:05+00:00\" \/>\n<meta property=\"og:image\" content=\"https:\/\/www.mallorcaleads.com\/wp-content\/uploads\/2024\/08\/Fosh-Catering-cena-de-gala-son-sampol.jpg\" \/>\n\t<meta property=\"og:image:width\" content=\"1600\" \/>\n\t<meta property=\"og:image:height\" content=\"1067\" \/>\n\t<meta property=\"og:image:type\" content=\"image\/jpeg\" \/>\n<meta name=\"twitter:card\" content=\"summary_large_image\" \/>\n<meta name=\"twitter:label1\" content=\"Tiempo de lectura\" \/>\n\t<meta name=\"twitter:data1\" content=\"1 minuto\" \/>\n<script type=\"application\/ld+json\" class=\"yoast-schema-graph\">{\"@context\":\"https:\/\/schema.org\",\"@graph\":[{\"@type\":\"WebPage\",\"@id\":\"https:\/\/www.mallorcaleads.com\/es\/proveedores-mice\/fosh-catering\/\",\"url\":\"https:\/\/www.mallorcaleads.com\/es\/proveedores-mice\/fosh-catering\/\",\"name\":\"Fosh Catering - MallorcaLeads\",\"isPartOf\":{\"@id\":\"https:\/\/www.mallorcaleads.com\/es\/#website\"},\"primaryImageOfPage\":{\"@id\":\"https:\/\/www.mallorcaleads.com\/es\/proveedores-mice\/fosh-catering\/#primaryimage\"},\"image\":{\"@id\":\"https:\/\/www.mallorcaleads.com\/es\/proveedores-mice\/fosh-catering\/#primaryimage\"},\"thumbnailUrl\":\"https:\/\/www.mallorcaleads.com\/wp-content\/uploads\/2024\/08\/Fosh-Catering-cena-de-gala-son-sampol.jpg\",\"datePublished\":\"2024-09-02T08:52:58+00:00\",\"dateModified\":\"2024-10-02T14:55:05+00:00\",\"description\":\"Organizaci\u00f3n de eventos en Mallorca. \u00a1Los mejores espacios y proveedores MICE a tu alcance!\",\"breadcrumb\":{\"@id\":\"https:\/\/www.mallorcaleads.com\/es\/proveedores-mice\/fosh-catering\/#breadcrumb\"},\"inLanguage\":\"es\",\"potentialAction\":[{\"@type\":\"ReadAction\",\"target\":[\"https:\/\/www.mallorcaleads.com\/es\/proveedores-mice\/fosh-catering\/\"]}]},{\"@type\":\"ImageObject\",\"inLanguage\":\"es\",\"@id\":\"https:\/\/www.mallorcaleads.com\/es\/proveedores-mice\/fosh-catering\/#primaryimage\",\"url\":\"https:\/\/www.mallorcaleads.com\/wp-content\/uploads\/2024\/08\/Fosh-Catering-cena-de-gala-son-sampol.jpg\",\"contentUrl\":\"https:\/\/www.mallorcaleads.com\/wp-content\/uploads\/2024\/08\/Fosh-Catering-cena-de-gala-son-sampol.jpg\",\"width\":1600,\"height\":1067},{\"@type\":\"BreadcrumbList\",\"@id\":\"https:\/\/www.mallorcaleads.com\/es\/proveedores-mice\/fosh-catering\/#breadcrumb\",\"itemListElement\":[{\"@type\":\"ListItem\",\"position\":1,\"name\":\"Portada\",\"item\":\"https:\/\/www.mallorcaleads.com\/es\/\"},{\"@type\":\"ListItem\",\"position\":2,\"name\":\"Proveedores mice\",\"item\":\"https:\/\/www.mallorcaleads.com\/es\/proveedores-mice\/\"},{\"@type\":\"ListItem\",\"position\":3,\"name\":\"Fosh Catering\"}]},{\"@type\":\"WebSite\",\"@id\":\"https:\/\/www.mallorcaleads.com\/es\/#website\",\"url\":\"https:\/\/www.mallorcaleads.com\/es\/\",\"name\":\"MallorcaLeads\",\"description\":\"Organizaci\u00f3n de eventos en Mallorca. Consultor\u00eda gratuita.\",\"publisher\":{\"@id\":\"https:\/\/www.mallorcaleads.com\/es\/#organization\"},\"potentialAction\":[{\"@type\":\"SearchAction\",\"target\":{\"@type\":\"EntryPoint\",\"urlTemplate\":\"https:\/\/www.mallorcaleads.com\/es\/?s={search_term_string}\"},\"query-input\":{\"@type\":\"PropertyValueSpecification\",\"valueRequired\":true,\"valueName\":\"search_term_string\"}}],\"inLanguage\":\"es\"},{\"@type\":\"Organization\",\"@id\":\"https:\/\/www.mallorcaleads.com\/es\/#organization\",\"name\":\"Mallorcaleads\",\"url\":\"https:\/\/www.mallorcaleads.com\/es\/\",\"logo\":{\"@type\":\"ImageObject\",\"inLanguage\":\"es\",\"@id\":\"https:\/\/www.mallorcaleads.com\/es\/#\/schema\/logo\/image\/\",\"url\":\"https:\/\/www.mallorcaleads.com\/wp-content\/uploads\/2023\/12\/mallorcaleads-logo-negro.svg\",\"contentUrl\":\"https:\/\/www.mallorcaleads.com\/wp-content\/uploads\/2023\/12\/mallorcaleads-logo-negro.svg\",\"width\":\"1024\",\"height\":\"1024\",\"caption\":\"Mallorcaleads\"},\"image\":{\"@id\":\"https:\/\/www.mallorcaleads.com\/es\/#\/schema\/logo\/image\/\"},\"sameAs\":[\"https:\/\/www.facebook.com\/mallorcaleads\/\",\"https:\/\/www.instagram.com\/mallorcaleads\/\",\"https:\/\/es.linkedin.com\/company\/mallorcaleads\",\"https:\/\/www.youtube.com\/channel\/UCHsLT6PzPAiCSK8vEsAYoMg\/videos?sort=dd&shelf_id=0\"]}]}<\/script>\n<!-- \/ Yoast SEO plugin. -->","yoast_head_json":{"title":"Fosh Catering - MallorcaLeads","description":"Organizaci\u00f3n de eventos en Mallorca. \u00a1Los mejores espacios y proveedores MICE a tu alcance!","robots":{"index":"index","follow":"follow","max-snippet":"max-snippet:-1","max-image-preview":"max-image-preview:large","max-video-preview":"max-video-preview:-1"},"canonical":"https:\/\/www.mallorcaleads.com\/es\/proveedores-mice\/fosh-catering\/","og_locale":"es_ES","og_type":"article","og_title":"Fosh Catering - MallorcaLeads","og_description":"Organizaci\u00f3n de eventos en Mallorca. \u00a1Los mejores espacios y proveedores MICE a tu alcance!","og_url":"https:\/\/www.mallorcaleads.com\/es\/proveedores-mice\/fosh-catering\/","og_site_name":"MallorcaLeads","article_publisher":"https:\/\/www.facebook.com\/mallorcaleads\/","article_modified_time":"2024-10-02T14:55:05+00:00","og_image":[{"width":1600,"height":1067,"url":"https:\/\/www.mallorcaleads.com\/wp-content\/uploads\/2024\/08\/Fosh-Catering-cena-de-gala-son-sampol.jpg","type":"image\/jpeg"}],"twitter_card":"summary_large_image","twitter_misc":{"Tiempo de lectura":"1 minuto"},"schema":{"@context":"https:\/\/schema.org","@graph":[{"@type":"WebPage","@id":"https:\/\/www.mallorcaleads.com\/es\/proveedores-mice\/fosh-catering\/","url":"https:\/\/www.mallorcaleads.com\/es\/proveedores-mice\/fosh-catering\/","name":"Fosh Catering - MallorcaLeads","isPartOf":{"@id":"https:\/\/www.mallorcaleads.com\/es\/#website"},"primaryImageOfPage":{"@id":"https:\/\/www.mallorcaleads.com\/es\/proveedores-mice\/fosh-catering\/#primaryimage"},"image":{"@id":"https:\/\/www.mallorcaleads.com\/es\/proveedores-mice\/fosh-catering\/#primaryimage"},"thumbnailUrl":"https:\/\/www.mallorcaleads.com\/wp-content\/uploads\/2024\/08\/Fosh-Catering-cena-de-gala-son-sampol.jpg","datePublished":"2024-09-02T08:52:58+00:00","dateModified":"2024-10-02T14:55:05+00:00","description":"Organizaci\u00f3n de eventos en Mallorca. \u00a1Los mejores espacios y proveedores MICE a tu alcance!","breadcrumb":{"@id":"https:\/\/www.mallorcaleads.com\/es\/proveedores-mice\/fosh-catering\/#breadcrumb"},"inLanguage":"es","potentialAction":[{"@type":"ReadAction","target":["https:\/\/www.mallorcaleads.com\/es\/proveedores-mice\/fosh-catering\/"]}]},{"@type":"ImageObject","inLanguage":"es","@id":"https:\/\/www.mallorcaleads.com\/es\/proveedores-mice\/fosh-catering\/#primaryimage","url":"https:\/\/www.mallorcaleads.com\/wp-content\/uploads\/2024\/08\/Fosh-Catering-cena-de-gala-son-sampol.jpg","contentUrl":"https:\/\/www.mallorcaleads.com\/wp-content\/uploads\/2024\/08\/Fosh-Catering-cena-de-gala-son-sampol.jpg","width":1600,"height":1067},{"@type":"BreadcrumbList","@id":"https:\/\/www.mallorcaleads.com\/es\/proveedores-mice\/fosh-catering\/#breadcrumb","itemListElement":[{"@type":"ListItem","position":1,"name":"Portada","item":"https:\/\/www.mallorcaleads.com\/es\/"},{"@type":"ListItem","position":2,"name":"Proveedores mice","item":"https:\/\/www.mallorcaleads.com\/es\/proveedores-mice\/"},{"@type":"ListItem","position":3,"name":"Fosh Catering"}]},{"@type":"WebSite","@id":"https:\/\/www.mallorcaleads.com\/es\/#website","url":"https:\/\/www.mallorcaleads.com\/es\/","name":"MallorcaLeads","description":"Organizaci\u00f3n de eventos en Mallorca. Consultor\u00eda gratuita.","publisher":{"@id":"https:\/\/www.mallorcaleads.com\/es\/#organization"},"potentialAction":[{"@type":"SearchAction","target":{"@type":"EntryPoint","urlTemplate":"https:\/\/www.mallorcaleads.com\/es\/?s={search_term_string}"},"query-input":{"@type":"PropertyValueSpecification","valueRequired":true,"valueName":"search_term_string"}}],"inLanguage":"es"},{"@type":"Organization","@id":"https:\/\/www.mallorcaleads.com\/es\/#organization","name":"Mallorcaleads","url":"https:\/\/www.mallorcaleads.com\/es\/","logo":{"@type":"ImageObject","inLanguage":"es","@id":"https:\/\/www.mallorcaleads.com\/es\/#\/schema\/logo\/image\/","url":"https:\/\/www.mallorcaleads.com\/wp-content\/uploads\/2023\/12\/mallorcaleads-logo-negro.svg","contentUrl":"https:\/\/www.mallorcaleads.com\/wp-content\/uploads\/2023\/12\/mallorcaleads-logo-negro.svg","width":"1024","height":"1024","caption":"Mallorcaleads"},"image":{"@id":"https:\/\/www.mallorcaleads.com\/es\/#\/schema\/logo\/image\/"},"sameAs":["https:\/\/www.facebook.com\/mallorcaleads\/","https:\/\/www.instagram.com\/mallorcaleads\/","https:\/\/es.linkedin.com\/company\/mallorcaleads","https:\/\/www.youtube.com\/channel\/UCHsLT6PzPAiCSK8vEsAYoMg\/videos?sort=dd&shelf_id=0"]}]}},"_links":{"self":[{"href":"https:\/\/www.mallorcaleads.com\/es\/wp-json\/wp\/v2\/proveedores-mice\/31373","targetHints":{"allow":["GET"]}}],"collection":[{"href":"https:\/\/www.mallorcaleads.com\/es\/wp-json\/wp\/v2\/proveedores-mice"}],"about":[{"href":"https:\/\/www.mallorcaleads.com\/es\/wp-json\/wp\/v2\/types\/proveedores-mice"}],"version-history":[{"count":10,"href":"https:\/\/www.mallorcaleads.com\/es\/wp-json\/wp\/v2\/proveedores-mice\/31373\/revisions"}],"predecessor-version":[{"id":31947,"href":"https:\/\/www.mallorcaleads.com\/es\/wp-json\/wp\/v2\/proveedores-mice\/31373\/revisions\/31947"}],"wp:featuredmedia":[{"embeddable":true,"href":"https:\/\/www.mallorcaleads.com\/es\/wp-json\/wp\/v2\/media\/31402"}],"wp:attachment":[{"href":"https:\/\/www.mallorcaleads.com\/es\/wp-json\/wp\/v2\/media?parent=31373"}],"wp:term":[{"taxonomy":"categorias","embeddable":true,"href":"https:\/\/www.mallorcaleads.com\/es\/wp-json\/wp\/v2\/categorias?post=31373"}],"curies":[{"name":"wp","href":"https:\/\/api.w.org\/{rel}","templated":true}]}}